{"id":142,"date":"2022-09-07T01:00:39","date_gmt":"2022-09-07T01:00:39","guid":{"rendered":"https:\/\/www.velkoprevorskypalac.eu\/?page_id=142"},"modified":"2023-02-25T19:12:14","modified_gmt":"2023-02-25T19:12:14","slug":"uvod","status":"publish","type":"page","link":"https:\/\/www.velkoprevorskypalac.eu\/","title":{"rendered":""},"content":{"rendered":"\n<div class=\"wp-block-group\"><div class=\"wp-block-group__inner-container is-layout-flow wp-block-group-is-layout-flow\">\n<div class=\"wp-block-group is-vertical is-layout-flex wp-container-core-group-is-layout-8cf370e7 wp-block-group-is-layout-flex\">\n<div class=\"wp-block-group is-vertical is-layout-flex wp-container-core-group-is-layout-8cf370e7 wp-block-group-is-layout-flex\">\n<p><strong>V\u00edt\u00e1me V\u00e1s ve Velkop\u0159evorsk\u00e9m pal\u00e1ci a zahrad\u011b za \u201eLennonovou zd\u00ed\u201c,<br>v\u00a0jednom z\u00a0nejromanti\u010dt\u011bj\u0161\u00edch kout\u016f Prahy, na Mal\u00e9 Stran\u011b pod Pra\u017esk\u00fdm hradem. <\/strong><br><strong>Je s\u00eddlem \u010cesk\u00e9ho velkop\u0159evorstv\u00ed \u00a0\u0159\u00e1du Malt\u00e9zsk\u00fdch ryt\u00ed\u0159\u016f<br>(d\u0159\u00edve zvan\u00fdch Johanit\u00e9) p\u0159es 850 let. <\/strong><br><br><strong>Str\u00e1nky \u010cesk\u00e9ho Velkop\u0159evorstv\u00ed <\/strong>&#8211; \u00a0<a rel=\"noreferrer noopener\" href=\"http:\/\/www.maltezskyrad.cz\" data-type=\"page\" target=\"_blank\">http:\/\/www.maltezskyrad.cz<\/a>  <br><strong>Str\u00e1nky Suver\u00e9nn\u00edho \u0158\u00e1du Malt\u00e9zsk\u00fdch Ryt\u00ed\u0159\u016f <\/strong>&#8211; <a rel=\"noreferrer noopener\" href=\"http:\/\/www.orderofmalta.int\" data-type=\"page\" target=\"_blank\">http:\/\/www.orderofmalta.int<\/a><br><br>K\u00a0nejr\u016fzn\u011bj\u0161\u00edm akc\u00edm od konferenc\u00ed, recepc\u00ed a koncert\u016f a\u017e po svatby <br>nab\u00edz\u00edme k\u00a0pron\u00e1jmu na\u0161e reprezenta\u010dn\u00ed prostory, <br>kde mimo jin\u00e9 Milo\u0161 Forman nat\u00e1\u010del sv\u00e9ho Amadea, <br>jako\u017e i zahradu za Lennonovou zd\u00ed, <br>kde pod mohutn\u00fdm platanem Ludwig van Beethoven <br>komponoval b\u011bhem sv\u00e9ho pobytu v Praze.<br><br>Ceny jsou dohodou, podle typu akce.<\/p>\n<\/div>\n<\/div>\n<\/div><\/div>\n","protected":false},"excerpt":{"rendered":"<p>V\u00edt\u00e1me V\u00e1s ve Velkop\u0159evorsk\u00e9m pal\u00e1ci a zahrad\u011b za \u201eLennonovou zd\u00ed\u201c,v\u00a0jednom z\u00a0nejromanti\u010dt\u011bj\u0161\u00edch kout\u016f Prahy, na Mal\u00e9 Stran\u011b pod Pra\u017esk\u00fdm hradem. Je s\u00eddlem \u010cesk\u00e9ho velkop\u0159evorstv\u00ed \u00a0\u0159\u00e1du Malt\u00e9zsk\u00fdch ryt\u00ed\u0159\u016f(d\u0159\u00edve zvan\u00fdch Johanit\u00e9) p\u0159es 850 let. Str\u00e1nky \u010cesk\u00e9ho Velkop\u0159evorstv\u00ed &#8211; \u00a0http:\/\/www.maltezskyrad.cz Str\u00e1nky Suver\u00e9nn\u00edho \u0158\u00e1du Malt\u00e9zsk\u00fdch Ryt\u00ed\u0159\u016f &#8211; http:\/\/www.orderofmalta.int K\u00a0nejr\u016fzn\u011bj\u0161\u00edm akc\u00edm od konferenc\u00ed, recepc\u00ed a koncert\u016f a\u017e po svatby nab\u00edz\u00edme k\u00a0pron\u00e1jmu &hellip; <\/p>\n<p class=\"link-more\"><a href=\"https:\/\/www.velkoprevorskypalac.eu\/\" class=\"more-link\">Pokra\u010dovat ve \u010dten\u00ed<span class=\"screen-reader-text\"> &#8222;&#8220;<\/span><\/a><\/p>\n","protected":false},"author":1,"featured_media":0,"parent":0,"menu_order":0,"comment_status":"closed","ping_status":"closed","template":"","meta":{"footnotes":""},"class_list":["post-142","page","type-page","status-publish","hentry"],"_links":{"self":[{"href":"https:\/\/www.velkoprevorskypalac.eu\/index.php?rest_route=\/wp\/v2\/pages\/142","targetHints":{"allow":["GET"]}}],"collection":[{"href":"https:\/\/www.velkoprevorskypalac.eu\/index.php?rest_route=\/wp\/v2\/pages"}],"about":[{"href":"https:\/\/www.velkoprevorskypalac.eu\/index.php?rest_route=\/wp\/v2\/types\/page"}],"author":[{"embeddable":true,"href":"https:\/\/www.velkoprevorskypalac.eu\/index.php?rest_route=\/wp\/v2\/users\/1"}],"replies":[{"embeddable":true,"href":"https:\/\/www.velkoprevorskypalac.eu\/index.php?rest_route=%2Fwp%2Fv2%2Fcomments&post=142"}],"version-history":[{"count":9,"href":"https:\/\/www.velkoprevorskypalac.eu\/index.php?rest_route=\/wp\/v2\/pages\/142\/revisions"}],"predecessor-version":[{"id":428,"href":"https:\/\/www.velkoprevorskypalac.eu\/index.php?rest_route=\/wp\/v2\/pages\/142\/revisions\/428"}],"wp:attachment":[{"href":"https:\/\/www.velkoprevorskypalac.eu\/index.php?rest_route=%2Fwp%2Fv2%2Fmedia&parent=142"}],"curies":[{"name":"wp","href":"https:\/\/api.w.org\/{rel}","templated":true}]}}